{"id":51847,"date":"2026-03-04T15:00:48","date_gmt":"2026-03-04T14:00:48","guid":{"rendered":"https:\/\/www.samhallssakerhet.se\/?post_type=guest&#038;p=51847"},"modified":"2026-03-04T15:00:49","modified_gmt":"2026-03-04T14:00:49","slug":"alen-musaefendic","status":"publish","type":"guest","link":"https:\/\/www.samhallssakerhet.se\/sv\/speaker\/alen-musaefendic\/","title":{"rendered":"Alen Musaefendic"},"content":{"rendered":"\n<p>Alen Musaefendic \u00e4r senior analytiker med fokus p\u00e5 hur digitala plattformar anv\u00e4nds f\u00f6r otillb\u00f6rlig informationsp\u00e5verkan och vad det inneb\u00e4r f\u00f6r psykologiskt f\u00f6rsvar och nationell s\u00e4kerhet. Tidigare har Alen arbetat vid EU:s utrikestj\u00e4nst i Bryssel, d\u00e4r han arbetade med att skydda EU:s utvidgningsprocess mot otillb\u00f6rlig informationsp\u00e5verkan.<\/p>\n","protected":false},"excerpt":{"rendered":"<p>Senior analytiker, Myndigheten f\u00f6r psykologiskt f\u00f6rsvar<\/p>\n","protected":false},"featured_media":51856,"template":"","meta":{"_seopress_titles_title":"","_seopress_titles_desc":"","_seopress_robots_index":"","_seopress_robots_follow":"","_seopress_robots_imageindex":"","_seopress_robots_snippet":"","_seopress_robots_primary_cat":"","_seopress_robots_breadcrumbs":"","_seopress_robots_freeze_modified_date":"","_seopress_robots_custom_modified_date":"","_seopress_robots_canonical":"","_seopress_social_fb_title":"","_seopress_social_fb_desc":"","_seopress_social_fb_img":"https:\/\/easyfairsassets.com\/sites\/139\/2026\/03\/Alen-Musaefendic-1.png","_seopress_social_fb_img_attachment_id":51864,"_seopress_social_fb_img_width":600,"_seopress_social_fb_img_height":300,"_seopress_social_twitter_title":"","_seopress_social_twitter_desc":"","_seopress_social_twitter_img":"","_seopress_social_twitter_img_attachment_id":0,"_seopress_social_twitter_img_width":0,"_seopress_social_twitter_img_height":0,"_seopress_redirections_value":"","_seopress_redirections_enabled":"","_seopress_redirections_enabled_regex":"","_seopress_redirections_logged_status":"both","_seopress_redirections_param":"","_seopress_redirections_type":301,"_seopress_analysis_target_kw":"","_seopress_news_disabled":"","_seopress_video_disabled":"","_seopress_video":[],"_seopress_pro_schemas_manual":[],"_seopress_pro_rich_snippets_disable_all":"","_seopress_pro_rich_snippets_disable":[],"_seopress_pro_schemas":[],"_company_name":"","_job_title":"","_visit_me":"","_email":"","_linkedin":"","_twitter":"","_facebook":"","_instagram":"","_youtube":"","_imdb":"","footnotes":""},"edition":[609],"guest_type":[641],"work":[],"class_list":["post-51847","guest","type-guest","status-publish","has-post-thumbnail","hentry","edition-motesplats-samhallssakerhet-2026","guest_type-dar-allt-ager-rum-i-kommun-och-region"],"_cover_image":null,"_links":{"self":[{"href":"https:\/\/www.samhallssakerhet.se\/sv\/wp-json\/wp\/v2\/guest\/51847","targetHints":{"allow":["GET"]}}],"collection":[{"href":"https:\/\/www.samhallssakerhet.se\/sv\/wp-json\/wp\/v2\/guest"}],"about":[{"href":"https:\/\/www.samhallssakerhet.se\/sv\/wp-json\/wp\/v2\/types\/guest"}],"version-history":[{"count":2,"href":"https:\/\/www.samhallssakerhet.se\/sv\/wp-json\/wp\/v2\/guest\/51847\/revisions"}],"predecessor-version":[{"id":51867,"href":"https:\/\/www.samhallssakerhet.se\/sv\/wp-json\/wp\/v2\/guest\/51847\/revisions\/51867"}],"wp:featuredmedia":[{"embeddable":true,"href":"https:\/\/www.samhallssakerhet.se\/sv\/wp-json\/wp\/v2\/media\/51856"}],"wp:attachment":[{"href":"https:\/\/www.samhallssakerhet.se\/sv\/wp-json\/wp\/v2\/media?parent=51847"}],"wp:term":[{"taxonomy":"edition","embeddable":true,"href":"https:\/\/www.samhallssakerhet.se\/sv\/wp-json\/wp\/v2\/edition?post=51847"},{"taxonomy":"guest_type","embeddable":true,"href":"https:\/\/www.samhallssakerhet.se\/sv\/wp-json\/wp\/v2\/guest_type?post=51847"},{"taxonomy":"work","embeddable":true,"href":"https:\/\/www.samhallssakerhet.se\/sv\/wp-json\/wp\/v2\/work?post=51847"}],"curies":[{"name":"wp","href":"https:\/\/api.w.org\/{rel}","templated":true}]}}