{"id":50867,"date":"2026-01-08T10:43:52","date_gmt":"2026-01-08T09:43:52","guid":{"rendered":"https:\/\/www.samhallssakerhet.se\/?post_type=guest&#038;p=50867"},"modified":"2026-01-08T10:43:53","modified_gmt":"2026-01-08T09:43:53","slug":"henrik-ahl","status":"publish","type":"guest","link":"https:\/\/www.samhallssakerhet.se\/sv\/speaker\/henrik-ahl\/","title":{"rendered":"Henrik Ahl"},"content":{"rendered":"\n<p>S\u00e4kerhetsdirekt\u00f6r i Nacka kommun med bakgrund inom media. Har s\u00e4rskilt fokus p\u00e5 att hj\u00e4lpa Nackaborna att vara v\u00e4l f\u00f6rberedda inf\u00f6r kriser, k\u00e4nna sig trygga samt att bygga skalbara l\u00f6sningar genom samverkan inom krisberedskap, civilt f\u00f6rsvar och brottsf\u00f6rebyggande arbete.<\/p>\n","protected":false},"excerpt":{"rendered":"<p>S\u00e4kerhetsdirekt\u00f6r, Nacka kommun<\/p>\n","protected":false},"featured_media":50759,"template":"","meta":{"_seopress_titles_title":"","_seopress_titles_desc":"","_seopress_robots_index":"","_seopress_robots_follow":"","_seopress_robots_imageindex":"","_seopress_robots_snippet":"","_seopress_robots_primary_cat":"","_seopress_robots_breadcrumbs":"","_seopress_robots_freeze_modified_date":"","_seopress_robots_custom_modified_date":"","_seopress_robots_canonical":"","_seopress_social_fb_title":"","_seopress_social_fb_desc":"","_seopress_social_fb_img":"https:\/\/easyfairsassets.com\/sites\/139\/2026\/01\/Henrik-Ahl-1.png","_seopress_social_fb_img_attachment_id":50797,"_seopress_social_fb_img_width":600,"_seopress_social_fb_img_height":300,"_seopress_social_twitter_title":"","_seopress_social_twitter_desc":"","_seopress_social_twitter_img":"https:\/\/easyfairsassets.com\/sites\/139\/2026\/01\/Henrik-Ahl-1.png","_seopress_social_twitter_img_attachment_id":50797,"_seopress_social_twitter_img_width":600,"_seopress_social_twitter_img_height":300,"_seopress_redirections_value":"","_seopress_redirections_enabled":"","_seopress_redirections_enabled_regex":"","_seopress_redirections_logged_status":"both","_seopress_redirections_param":"","_seopress_redirections_type":301,"_seopress_analysis_target_kw":"","_seopress_news_disabled":"","_seopress_video_disabled":"","_seopress_video":[],"_seopress_pro_schemas_manual":[],"_seopress_pro_rich_snippets_disable_all":"","_seopress_pro_rich_snippets_disable":[],"_seopress_pro_schemas":[],"_company_name":"","_job_title":"","_visit_me":"","_email":"","_linkedin":"","_twitter":"","_facebook":"","_instagram":"","_youtube":"","_imdb":"","footnotes":""},"edition":[609],"guest_type":[641],"work":[],"class_list":["post-50867","guest","type-guest","status-publish","has-post-thumbnail","hentry","edition-motesplats-samhallssakerhet-2026","guest_type-dar-allt-ager-rum-i-kommun-och-region"],"_cover_image":null,"_links":{"self":[{"href":"https:\/\/www.samhallssakerhet.se\/sv\/wp-json\/wp\/v2\/guest\/50867","targetHints":{"allow":["GET"]}}],"collection":[{"href":"https:\/\/www.samhallssakerhet.se\/sv\/wp-json\/wp\/v2\/guest"}],"about":[{"href":"https:\/\/www.samhallssakerhet.se\/sv\/wp-json\/wp\/v2\/types\/guest"}],"version-history":[{"count":2,"href":"https:\/\/www.samhallssakerhet.se\/sv\/wp-json\/wp\/v2\/guest\/50867\/revisions"}],"predecessor-version":[{"id":50871,"href":"https:\/\/www.samhallssakerhet.se\/sv\/wp-json\/wp\/v2\/guest\/50867\/revisions\/50871"}],"wp:featuredmedia":[{"embeddable":true,"href":"https:\/\/www.samhallssakerhet.se\/sv\/wp-json\/wp\/v2\/media\/50759"}],"wp:attachment":[{"href":"https:\/\/www.samhallssakerhet.se\/sv\/wp-json\/wp\/v2\/media?parent=50867"}],"wp:term":[{"taxonomy":"edition","embeddable":true,"href":"https:\/\/www.samhallssakerhet.se\/sv\/wp-json\/wp\/v2\/edition?post=50867"},{"taxonomy":"guest_type","embeddable":true,"href":"https:\/\/www.samhallssakerhet.se\/sv\/wp-json\/wp\/v2\/guest_type?post=50867"},{"taxonomy":"work","embeddable":true,"href":"https:\/\/www.samhallssakerhet.se\/sv\/wp-json\/wp\/v2\/work?post=50867"}],"curies":[{"name":"wp","href":"https:\/\/api.w.org\/{rel}","templated":true}]}}