{"id":50857,"date":"2026-01-08T10:28:50","date_gmt":"2026-01-08T09:28:50","guid":{"rendered":"https:\/\/www.samhallssakerhet.se\/?post_type=guest&#038;p=50857"},"modified":"2026-01-08T10:40:43","modified_gmt":"2026-01-08T09:40:43","slug":"mikael-lagergren","status":"publish","type":"guest","link":"https:\/\/www.samhallssakerhet.se\/sv\/speaker\/mikael-lagergren\/","title":{"rendered":"Mikael Lagergren"},"content":{"rendered":"\n<p>Som s\u00e4kerhetsdirekt\u00f6r f\u00f6r V\u00e4ster\u00e5s stad leder Mikael Lagergren arbetet med stadens strategiska s\u00e4kerhetsfr\u00e5gor. Han \u00e4r chef f\u00f6r enheten f\u00f6r civilt f\u00f6rsvar och s\u00e4kerhet, d\u00e4r ansvaret ligger f\u00f6r att utveckla och samordna stadens arbete med civilt f\u00f6rsvar och krisberedskap, s\u00e4kerhetsskydd och det \u00f6vergripande arbetet med civilt f\u00f6rsvar.<\/p>\n","protected":false},"excerpt":{"rendered":"<p>S\u00e4kerhetsdirekt\u00f6r, V\u00e4ster\u00e5s stad<\/p>\n","protected":false},"featured_media":50785,"template":"","meta":{"_seopress_robots_primary_cat":"","_seopress_titles_title":"","_seopress_titles_desc":"","_seopress_robots_index":"","_company_name":"","_job_title":"","_visit_me":"","_email":"","_linkedin":"","_twitter":"","_facebook":"","_instagram":"","_youtube":"","_imdb":"","footnotes":""},"edition":[609],"guest_type":[641],"work":[],"class_list":["post-50857","guest","type-guest","status-publish","has-post-thumbnail","hentry","edition-motesplats-samhallssakerhet-2026","guest_type-dar-allt-ager-rum-i-kommun-och-region"],"_cover_image":null,"_links":{"self":[{"href":"https:\/\/www.samhallssakerhet.se\/sv\/wp-json\/wp\/v2\/guest\/50857","targetHints":{"allow":["GET"]}}],"collection":[{"href":"https:\/\/www.samhallssakerhet.se\/sv\/wp-json\/wp\/v2\/guest"}],"about":[{"href":"https:\/\/www.samhallssakerhet.se\/sv\/wp-json\/wp\/v2\/types\/guest"}],"version-history":[{"count":5,"href":"https:\/\/www.samhallssakerhet.se\/sv\/wp-json\/wp\/v2\/guest\/50857\/revisions"}],"predecessor-version":[{"id":50866,"href":"https:\/\/www.samhallssakerhet.se\/sv\/wp-json\/wp\/v2\/guest\/50857\/revisions\/50866"}],"wp:featuredmedia":[{"embeddable":true,"href":"https:\/\/www.samhallssakerhet.se\/sv\/wp-json\/wp\/v2\/media\/50785"}],"wp:attachment":[{"href":"https:\/\/www.samhallssakerhet.se\/sv\/wp-json\/wp\/v2\/media?parent=50857"}],"wp:term":[{"taxonomy":"edition","embeddable":true,"href":"https:\/\/www.samhallssakerhet.se\/sv\/wp-json\/wp\/v2\/edition?post=50857"},{"taxonomy":"guest_type","embeddable":true,"href":"https:\/\/www.samhallssakerhet.se\/sv\/wp-json\/wp\/v2\/guest_type?post=50857"},{"taxonomy":"work","embeddable":true,"href":"https:\/\/www.samhallssakerhet.se\/sv\/wp-json\/wp\/v2\/work?post=50857"}],"curies":[{"name":"wp","href":"https:\/\/api.w.org\/{rel}","templated":true}]}}