{"id":50981,"date":"2026-01-08T11:36:02","date_gmt":"2026-01-08T10:36:02","guid":{"rendered":"https:\/\/www.samhallssakerhet.se\/?post_type=activity&#038;p=50981"},"modified":"2026-03-14T12:13:16","modified_gmt":"2026-03-14T11:13:16","slug":"hur-sakerstaller-vi-ovning-i-vardagen-inom-forvaltningen-och-pa-nationell-niva","status":"publish","type":"activity","link":"https:\/\/www.samhallssakerhet.se\/sv\/session\/hur-sakerstaller-vi-ovning-i-vardagen-inom-forvaltningen-och-pa-nationell-niva\/","title":{"rendered":"F\u00f6rm\u00e5geh\u00f6jande \u00f6vning"},"content":{"rendered":"\n<p>Genom \u00f6vning kan vi f\u00e5 den praktiska erfarenheten och insikterna om vad som beh\u00f6ver utvecklas.<\/p>\n\n\n\n<p>I detta pass lyssnar vi till \u00d6vningsledaren f\u00f6r \u00d6TF (\u00d6vning av totalf\u00f6rsvar) om aktiviteterna som p\u00e5g\u00e5r 2025-2027, vi tar del av Region J\u00e4mtland H\u00e4rjedalens erfarenheter fr\u00e5n masskade\u00f6vning Vega, samt en presentation av Nacka kommuns \u00f6vningsbank som underl\u00e4ttar f\u00f6r verksamheterna att med enkla medel kunna \u00f6va p\u00e5 egen hand \u2013 och som \u00e5h\u00f6rare f\u00e5r vi delta i samtal om v\u00e5r egen f\u00f6rm\u00e5ga. I en summerande panel v\u00e4lkomnar vi \u00e4ven kanslichefen f\u00f6r NSPL (Nationell samordning och planering) och ansvarig direkt\u00f6r inom Sveriges Kommuner och Regioner.<\/p>\n\n\n\n<p>Passet modereras av Michaela Stenman, Strateg SKR.<\/p>\n","protected":false},"excerpt":{"rendered":"<p>Genom \u00f6vning kan vi f\u00e5 den praktiska erfarenheten och insikterna om vad som beh\u00f6ver utvecklas. I detta pass lyssnar vi till \u00d6vningsledaren f\u00f6r \u00d6TF (\u00d6vning av totalf\u00f6rsvar) om aktiviteterna som p\u00e5g\u00e5r 2025-2027, vi tar del av Region J\u00e4mtland H\u00e4rjedalens erfarenheter fr\u00e5n masskade\u00f6vning Vega, samt en presentation av Nacka kommuns \u00f6vningsbank som underl\u00e4ttar f\u00f6r verksamheterna att [&hellip;]<\/p>\n","protected":false},"featured_media":0,"template":"","meta":{"_seopress_robots_primary_cat":"","_seopress_titles_title":"","_seopress_titles_desc":"","_seopress_robots_index":"","_activity_time_start":"13:30","_activity_time_end":"14:30","_activity_date":"2026-03-18","_activity_price":"0","footnotes":""},"edition":[609],"location":[423],"track":[642],"activity_type":[606],"class_list":["post-50981","activity","type-activity","status-publish","hentry","edition-motesplats-samhallssakerhet-2026","location-m8","track-dar-allt-ager-rum-i-kommun-och-region","activity_type-grundlaggande"],"_guests":[{"href":"https:\/\/www.samhallssakerhet.se\/sv\/wp-json\/wp\/v2\/guest\/52043"},{"href":"https:\/\/www.samhallssakerhet.se\/sv\/wp-json\/wp\/v2\/guest\/51444"},{"href":"https:\/\/www.samhallssakerhet.se\/sv\/wp-json\/wp\/v2\/guest\/51426"},{"href":"https:\/\/www.samhallssakerhet.se\/sv\/wp-json\/wp\/v2\/guest\/51296"},{"href":"https:\/\/www.samhallssakerhet.se\/sv\/wp-json\/wp\/v2\/guest\/51044"},{"href":"https:\/\/www.samhallssakerhet.se\/sv\/wp-json\/wp\/v2\/guest\/50867"}],"_sponsors":[],"_cover_image":null,"_links":{"self":[{"href":"https:\/\/www.samhallssakerhet.se\/sv\/wp-json\/wp\/v2\/activity\/50981","targetHints":{"allow":["GET"]}}],"collection":[{"href":"https:\/\/www.samhallssakerhet.se\/sv\/wp-json\/wp\/v2\/activity"}],"about":[{"href":"https:\/\/www.samhallssakerhet.se\/sv\/wp-json\/wp\/v2\/types\/activity"}],"version-history":[{"count":3,"href":"https:\/\/www.samhallssakerhet.se\/sv\/wp-json\/wp\/v2\/activity\/50981\/revisions"}],"predecessor-version":[{"id":51425,"href":"https:\/\/www.samhallssakerhet.se\/sv\/wp-json\/wp\/v2\/activity\/50981\/revisions\/51425"}],"wp:attachment":[{"href":"https:\/\/www.samhallssakerhet.se\/sv\/wp-json\/wp\/v2\/media?parent=50981"}],"wp:term":[{"taxonomy":"edition","embeddable":true,"href":"https:\/\/www.samhallssakerhet.se\/sv\/wp-json\/wp\/v2\/edition?post=50981"},{"taxonomy":"location","embeddable":true,"href":"https:\/\/www.samhallssakerhet.se\/sv\/wp-json\/wp\/v2\/location?post=50981"},{"taxonomy":"track","embeddable":true,"href":"https:\/\/www.samhallssakerhet.se\/sv\/wp-json\/wp\/v2\/track?post=50981"},{"taxonomy":"activity_type","embeddable":true,"href":"https:\/\/www.samhallssakerhet.se\/sv\/wp-json\/wp\/v2\/activity_type?post=50981"}],"curies":[{"name":"wp","href":"https:\/\/api.w.org\/{rel}","templated":true}]}}