{"id":50957,"date":"2026-01-08T11:27:15","date_gmt":"2026-01-08T10:27:15","guid":{"rendered":"https:\/\/www.samhallssakerhet.se\/?post_type=activity&#038;p=50957"},"modified":"2026-02-27T09:12:04","modified_gmt":"2026-02-27T08:12:04","slug":"naringslivet-som-nyckelspelare-finland-och-sverige-agerar-tillsammans-for-robust-samverkan","status":"publish","type":"activity","link":"https:\/\/www.samhallssakerhet.se\/sv\/session\/naringslivet-som-nyckelspelare-finland-och-sverige-agerar-tillsammans-for-robust-samverkan\/","title":{"rendered":"N\u00e4ringslivet som nyckelspelare \u2013 Finland och Sverige agerar tillsammans f\u00f6r robust samverkan"},"content":{"rendered":"\n<p>V\u00e5r robusthet avg\u00f6rs av hur v\u00e4l vi samarbetar n\u00e4r det verkligen g\u00e4ller. I denna programpunkt ligger fokus p\u00e5 de nya modeller, incitament och former f\u00f6r gemensam r\u00e5dighet som kr\u00e4vs n\u00e4r totalf\u00f6rsvaret g\u00e5r in i sin n\u00e4sta fas. Med den f\u00f6rdjupade samverkan mellan MCF och finska F\u00f6rs\u00f6rjningsberedskapscentralen som utg\u00e5ngspunkt, och med l\u00e4rdomar fr\u00e5n Finland, NATO och EU, diskuterar vi hur praktisk f\u00f6rm\u00e5ga utvecklas h\u00e4r och nu. Samtalet lyfter n\u00e4ringslivets strategiska roll i ett f\u00f6rs\u00e4mrat omv\u00e4rldsl\u00e4ge, hur vi bygger f\u00f6rtroende och s\u00e4ker informationsdelning samt vilka l\u00e5ngsiktiga villkor som kr\u00e4vs f\u00f6r att f\u00f6retag ska kunna agera snabbt och effektivt i kris. I centrum st\u00e5r den handlingskraft som g\u00f6r verklig skillnad innan n\u00e4sta st\u00f6rning sl\u00e5r mot Sverige.<\/p>\n","protected":false},"excerpt":{"rendered":"<p>V\u00e5r robusthet avg\u00f6rs av hur v\u00e4l vi samarbetar n\u00e4r det verkligen g\u00e4ller. I denna programpunkt ligger fokus p\u00e5 de nya modeller, incitament och former f\u00f6r gemensam r\u00e5dighet som kr\u00e4vs n\u00e4r totalf\u00f6rsvaret g\u00e5r in i sin n\u00e4sta fas. Med den f\u00f6rdjupade samverkan mellan MCF och finska F\u00f6rs\u00f6rjningsberedskapscentralen som utg\u00e5ngspunkt, och med l\u00e4rdomar fr\u00e5n Finland, NATO och [&hellip;]<\/p>\n","protected":false},"featured_media":0,"template":"","meta":{"_seopress_robots_primary_cat":"","_seopress_titles_title":"","_seopress_titles_desc":"","_seopress_robots_index":"","_activity_time_start":"15:15","_activity_time_end":"16:00","_activity_date":"2026-03-17","_activity_price":"0","footnotes":""},"edition":[609],"location":[413],"track":[644],"activity_type":[647],"class_list":["post-50957","activity","type-activity","status-publish","hentry","edition-motesplats-samhallssakerhet-2026","location-m2","track-plenara-sessioner","activity_type-plenar-session"],"_guests":[{"href":"https:\/\/www.samhallssakerhet.se\/sv\/wp-json\/wp\/v2\/guest\/51411"},{"href":"https:\/\/www.samhallssakerhet.se\/sv\/wp-json\/wp\/v2\/guest\/51268"},{"href":"https:\/\/www.samhallssakerhet.se\/sv\/wp-json\/wp\/v2\/guest\/51239"},{"href":"https:\/\/www.samhallssakerhet.se\/sv\/wp-json\/wp\/v2\/guest\/51175"},{"href":"https:\/\/www.samhallssakerhet.se\/sv\/wp-json\/wp\/v2\/guest\/50872"}],"_sponsors":[],"_cover_image":null,"_links":{"self":[{"href":"https:\/\/www.samhallssakerhet.se\/sv\/wp-json\/wp\/v2\/activity\/50957","targetHints":{"allow":["GET"]}}],"collection":[{"href":"https:\/\/www.samhallssakerhet.se\/sv\/wp-json\/wp\/v2\/activity"}],"about":[{"href":"https:\/\/www.samhallssakerhet.se\/sv\/wp-json\/wp\/v2\/types\/activity"}],"version-history":[{"count":1,"href":"https:\/\/www.samhallssakerhet.se\/sv\/wp-json\/wp\/v2\/activity\/50957\/revisions"}],"predecessor-version":[{"id":50960,"href":"https:\/\/www.samhallssakerhet.se\/sv\/wp-json\/wp\/v2\/activity\/50957\/revisions\/50960"}],"wp:attachment":[{"href":"https:\/\/www.samhallssakerhet.se\/sv\/wp-json\/wp\/v2\/media?parent=50957"}],"wp:term":[{"taxonomy":"edition","embeddable":true,"href":"https:\/\/www.samhallssakerhet.se\/sv\/wp-json\/wp\/v2\/edition?post=50957"},{"taxonomy":"location","embeddable":true,"href":"https:\/\/www.samhallssakerhet.se\/sv\/wp-json\/wp\/v2\/location?post=50957"},{"taxonomy":"track","embeddable":true,"href":"https:\/\/www.samhallssakerhet.se\/sv\/wp-json\/wp\/v2\/track?post=50957"},{"taxonomy":"activity_type","embeddable":true,"href":"https:\/\/www.samhallssakerhet.se\/sv\/wp-json\/wp\/v2\/activity_type?post=50957"}],"curies":[{"name":"wp","href":"https:\/\/api.w.org\/{rel}","templated":true}]}}